{"id":253,"date":"2015-03-04T18:15:15","date_gmt":"2015-03-04T17:15:15","guid":{"rendered":"http:\/\/www.exklusiv-moebliert-wohnen-bonn.de\/?page_id=253"},"modified":"2024-04-01T18:43:35","modified_gmt":"2024-04-01T16:43:35","slug":"heinrich-von-kleist-str-15","status":"publish","type":"page","link":"http:\/\/www.exklusiv-moebliert-wohnen-bonn.de\/en\/","title":{"rendered":"Heinrich-von-Kleist-Str-15"},"content":{"rendered":"<p><\/p>\n\n\n\n<h2 class=\"wp-block-heading\">Heinrich-von-Kleist-Str-15: Centrally located and incredibly quiet<\/h2>\n\n\n\n<p>Welcome to the <strong>Heinrich-von-Kleist-Str. 15<\/strong>, a lovingly restored, listed building of the <a href=\"https:\/\/en.wikipedia.org\/wiki\/Gr%C3%BCnderzeit\" target=\"_blank\" rel=\"noopener noreferrer\">Wilhelminian period<\/a>. The house is located in one of the most beautiful streets of probably the most sought after urban quarter of <a href=\"https:\/\/en.wikipedia.org\/wiki\/Bonn\" target=\"_blank\" rel=\"noopener noreferrer\">Bonn<\/a> and boasts 4 exclusive, <strong>perfectly furnished apartments<\/strong>. You are most welcome to browse them online.<\/p>\n\n\n\n<p>The Heinrich-von-Kleist-Str-15 is <strong>very centrally located<\/strong>. All kinds of shops, the central station with its transitions to all lines of the <a href=\"http:\/\/en.swb-busundbahn.de\/\" target=\"_blank\" rel=\"noopener noreferrer\">public transport system<\/a>, the pedestrian area with bars and restaurants are within a short walking distance. The so called Suedstadt is the largest still preserved Wilhelminian quarter in Germany and it is a pleasure to walk through the <strong>well kept streets with their magnificent architecture<\/strong> from the turn of the 20th century. The river Rhine is also only a short walk away.<\/p>\n\n\n\n<p>The Heinrich-von-Kleist-Str. 15 is particularly suitable as a second home, if you are on assignment in Bonn and want to avoid the anonymity of a hotel where you might be assigned a new room after each weekend trip home.<\/p>\n\n\n\n<figure class=\"wp-block-gallery has-nested-images columns-3 is-cropped wp-block-gallery-2 is-layout-flex wp-block-gallery-is-layout-flex\">\n<figure class=\"wp-block-image size-large\"><img loading=\"lazy\" decoding=\"async\" width=\"1568\" height=\"2352\" data-id=\"162\" src=\"http:\/\/www.exklusiv-moebliert-wohnen-bonn.de\/wp-content\/uploads\/2015\/01\/blumendeko-e1422733566547.jpg\" alt=\"Flower decoration in the hall\" class=\"wp-image-162\" srcset=\"http:\/\/www.exklusiv-moebliert-wohnen-bonn.de\/wp-content\/uploads\/2015\/01\/blumendeko-e1422733566547.jpg 1568w, http:\/\/www.exklusiv-moebliert-wohnen-bonn.de\/wp-content\/uploads\/2015\/01\/blumendeko-e1422733566547-200x300.jpg 200w, http:\/\/www.exklusiv-moebliert-wohnen-bonn.de\/wp-content\/uploads\/2015\/01\/blumendeko-e1422733566547-683x1024.jpg 683w, http:\/\/www.exklusiv-moebliert-wohnen-bonn.de\/wp-content\/uploads\/2015\/01\/blumendeko-e1422733566547-603x904.jpg 603w\" sizes=\"auto, (max-width: 1568px) 100vw, 1568px\" \/><\/figure>\n\n\n\n<figure class=\"wp-block-image size-large\"><img loading=\"lazy\" decoding=\"async\" width=\"495\" height=\"579\" data-id=\"163\" src=\"http:\/\/www.exklusiv-moebliert-wohnen-bonn.de\/wp-content\/uploads\/2015\/01\/gesicht.png\" alt=\"architectural decoration\" class=\"wp-image-163\" srcset=\"http:\/\/www.exklusiv-moebliert-wohnen-bonn.de\/wp-content\/uploads\/2015\/01\/gesicht.png 495w, http:\/\/www.exklusiv-moebliert-wohnen-bonn.de\/wp-content\/uploads\/2015\/01\/gesicht-256x300.png 256w\" sizes=\"auto, (max-width: 495px) 100vw, 495px\" \/><\/figure>\n\n\n\n<figure class=\"wp-block-image size-large\"><img loading=\"lazy\" decoding=\"async\" width=\"1568\" height=\"2352\" data-id=\"164\" src=\"http:\/\/www.exklusiv-moebliert-wohnen-bonn.de\/wp-content\/uploads\/2015\/01\/hausflur-e1422733523306.jpg\" alt=\"The hall with murals from the 19th century\" class=\"wp-image-164\" srcset=\"http:\/\/www.exklusiv-moebliert-wohnen-bonn.de\/wp-content\/uploads\/2015\/01\/hausflur-e1422733523306.jpg 1568w, http:\/\/www.exklusiv-moebliert-wohnen-bonn.de\/wp-content\/uploads\/2015\/01\/hausflur-e1422733523306-200x300.jpg 200w, http:\/\/www.exklusiv-moebliert-wohnen-bonn.de\/wp-content\/uploads\/2015\/01\/hausflur-e1422733523306-683x1024.jpg 683w, http:\/\/www.exklusiv-moebliert-wohnen-bonn.de\/wp-content\/uploads\/2015\/01\/hausflur-e1422733523306-603x904.jpg 603w\" sizes=\"auto, (max-width: 1568px) 100vw, 1568px\" \/><\/figure>\n\n\n\n<figure class=\"wp-block-image size-large\"><img loading=\"lazy\" decoding=\"async\" width=\"1568\" height=\"2352\" data-id=\"165\" src=\"http:\/\/www.exklusiv-moebliert-wohnen-bonn.de\/wp-content\/uploads\/2015\/01\/haustuer-e1422733507162.jpg\" alt=\"The entrance\" class=\"wp-image-165\" srcset=\"http:\/\/www.exklusiv-moebliert-wohnen-bonn.de\/wp-content\/uploads\/2015\/01\/haustuer-e1422733507162.jpg 1568w, http:\/\/www.exklusiv-moebliert-wohnen-bonn.de\/wp-content\/uploads\/2015\/01\/haustuer-e1422733507162-200x300.jpg 200w, http:\/\/www.exklusiv-moebliert-wohnen-bonn.de\/wp-content\/uploads\/2015\/01\/haustuer-e1422733507162-683x1024.jpg 683w, http:\/\/www.exklusiv-moebliert-wohnen-bonn.de\/wp-content\/uploads\/2015\/01\/haustuer-e1422733507162-603x904.jpg 603w\" sizes=\"auto, (max-width: 1568px) 100vw, 1568px\" \/><\/figure>\n\n\n\n<figure class=\"wp-block-image size-large\"><img loading=\"lazy\" decoding=\"async\" width=\"1568\" height=\"2352\" data-id=\"166\" src=\"http:\/\/www.exklusiv-moebliert-wohnen-bonn.de\/wp-content\/uploads\/2015\/01\/loewenkopf.png\" alt=\"architectural decoration\" class=\"wp-image-166\" srcset=\"http:\/\/www.exklusiv-moebliert-wohnen-bonn.de\/wp-content\/uploads\/2015\/01\/loewenkopf.png 1568w, http:\/\/www.exklusiv-moebliert-wohnen-bonn.de\/wp-content\/uploads\/2015\/01\/loewenkopf-200x300.png 200w, http:\/\/www.exklusiv-moebliert-wohnen-bonn.de\/wp-content\/uploads\/2015\/01\/loewenkopf-683x1024.png 683w, http:\/\/www.exklusiv-moebliert-wohnen-bonn.de\/wp-content\/uploads\/2015\/01\/loewenkopf-603x904.png 603w\" sizes=\"auto, (max-width: 1568px) 100vw, 1568px\" \/><\/figure>\n\n\n\n<figure class=\"wp-block-image size-large\"><img loading=\"lazy\" decoding=\"async\" width=\"1568\" height=\"2352\" data-id=\"167\" src=\"http:\/\/www.exklusiv-moebliert-wohnen-bonn.de\/wp-content\/uploads\/2015\/01\/stuck-e1422733548749.jpg\" alt=\"Stucco in the hallway\" class=\"wp-image-167\" srcset=\"http:\/\/www.exklusiv-moebliert-wohnen-bonn.de\/wp-content\/uploads\/2015\/01\/stuck-e1422733548749.jpg 1568w, http:\/\/www.exklusiv-moebliert-wohnen-bonn.de\/wp-content\/uploads\/2015\/01\/stuck-e1422733548749-200x300.jpg 200w, http:\/\/www.exklusiv-moebliert-wohnen-bonn.de\/wp-content\/uploads\/2015\/01\/stuck-e1422733548749-683x1024.jpg 683w, http:\/\/www.exklusiv-moebliert-wohnen-bonn.de\/wp-content\/uploads\/2015\/01\/stuck-e1422733548749-603x904.jpg 603w\" sizes=\"auto, (max-width: 1568px) 100vw, 1568px\" \/><\/figure>\n\n\n\n<figure class=\"wp-block-image size-large\"><img loading=\"lazy\" decoding=\"async\" width=\"2352\" height=\"1568\" data-id=\"168\" src=\"http:\/\/www.exklusiv-moebliert-wohnen-bonn.de\/wp-content\/uploads\/2015\/01\/treppenhaus1.jpg\" alt=\"Old tiles in the hallway\" class=\"wp-image-168\" srcset=\"http:\/\/www.exklusiv-moebliert-wohnen-bonn.de\/wp-content\/uploads\/2015\/01\/treppenhaus1.jpg 2352w, http:\/\/www.exklusiv-moebliert-wohnen-bonn.de\/wp-content\/uploads\/2015\/01\/treppenhaus1-300x200.jpg 300w, http:\/\/www.exklusiv-moebliert-wohnen-bonn.de\/wp-content\/uploads\/2015\/01\/treppenhaus1-1024x683.jpg 1024w, http:\/\/www.exklusiv-moebliert-wohnen-bonn.de\/wp-content\/uploads\/2015\/01\/treppenhaus1-904x603.jpg 904w\" sizes=\"auto, (max-width: 2352px) 100vw, 2352px\" \/><\/figure>\n\n\n\n<figure class=\"wp-block-image size-large\"><img loading=\"lazy\" decoding=\"async\" width=\"2352\" height=\"1568\" data-id=\"169\" src=\"http:\/\/www.exklusiv-moebliert-wohnen-bonn.de\/wp-content\/uploads\/2015\/01\/treppenhaus2.jpg\" alt=\"The stairwell\" class=\"wp-image-169\" srcset=\"http:\/\/www.exklusiv-moebliert-wohnen-bonn.de\/wp-content\/uploads\/2015\/01\/treppenhaus2.jpg 2352w, http:\/\/www.exklusiv-moebliert-wohnen-bonn.de\/wp-content\/uploads\/2015\/01\/treppenhaus2-300x200.jpg 300w, http:\/\/www.exklusiv-moebliert-wohnen-bonn.de\/wp-content\/uploads\/2015\/01\/treppenhaus2-1024x683.jpg 1024w, http:\/\/www.exklusiv-moebliert-wohnen-bonn.de\/wp-content\/uploads\/2015\/01\/treppenhaus2-904x603.jpg 904w\" sizes=\"auto, (max-width: 2352px) 100vw, 2352px\" \/><\/figure>\n\n\n\n<figure class=\"wp-block-image size-large\"><img loading=\"lazy\" decoding=\"async\" width=\"2352\" height=\"1568\" data-id=\"170\" src=\"http:\/\/www.exklusiv-moebliert-wohnen-bonn.de\/wp-content\/uploads\/2015\/01\/wandmalerei_berge.jpg\" alt=\"Old mural mountain scene\" class=\"wp-image-170\" srcset=\"http:\/\/www.exklusiv-moebliert-wohnen-bonn.de\/wp-content\/uploads\/2015\/01\/wandmalerei_berge.jpg 2352w, http:\/\/www.exklusiv-moebliert-wohnen-bonn.de\/wp-content\/uploads\/2015\/01\/wandmalerei_berge-300x200.jpg 300w, http:\/\/www.exklusiv-moebliert-wohnen-bonn.de\/wp-content\/uploads\/2015\/01\/wandmalerei_berge-1024x683.jpg 1024w, http:\/\/www.exklusiv-moebliert-wohnen-bonn.de\/wp-content\/uploads\/2015\/01\/wandmalerei_berge-904x603.jpg 904w\" sizes=\"auto, (max-width: 2352px) 100vw, 2352px\" \/><\/figure>\n\n\n\n<figure class=\"wp-block-image size-large\"><img loading=\"lazy\" decoding=\"async\" width=\"2352\" height=\"1568\" data-id=\"171\" src=\"http:\/\/www.exklusiv-moebliert-wohnen-bonn.de\/wp-content\/uploads\/2015\/01\/wandmalerei_see.png\" alt=\"Old mural lake scene\" class=\"wp-image-171\" srcset=\"http:\/\/www.exklusiv-moebliert-wohnen-bonn.de\/wp-content\/uploads\/2015\/01\/wandmalerei_see.png 2352w, http:\/\/www.exklusiv-moebliert-wohnen-bonn.de\/wp-content\/uploads\/2015\/01\/wandmalerei_see-300x200.png 300w, http:\/\/www.exklusiv-moebliert-wohnen-bonn.de\/wp-content\/uploads\/2015\/01\/wandmalerei_see-1024x683.png 1024w, http:\/\/www.exklusiv-moebliert-wohnen-bonn.de\/wp-content\/uploads\/2015\/01\/wandmalerei_see-904x603.png 904w\" sizes=\"auto, (max-width: 2352px) 100vw, 2352px\" \/><\/figure>\n<\/figure>\n\n\n\n<p>If you are interested in one of our apartments in the Heinrich-von-Kleist-Str. 15, please contact us at<strong> info [at] hvk15 [dot] de <\/strong>or by phone<strong> +49 179 913 1342<\/strong><\/p>\n\n\n\n<p><\/p>","protected":false},"excerpt":{"rendered":"<p>Heinrich-von-Kleist-Str-15: Centrally located and incredibly quiet Welcome to the Heinrich-von-Kleist-Str. 15, a lovingly restored, listed building of the Wilhelminian period. The house is located in one of the most beautiful streets of probably the most sought after urban quarter of Bonn and boasts 4 exclusive, perfectly furnished apartments. You are most welcome to browse them [&hellip;]<\/p>\n","protected":false},"author":1,"featured_media":0,"parent":0,"menu_order":0,"comment_status":"closed","ping_status":"open","template":"","meta":{"ngg_post_thumbnail":0,"footnotes":""},"class_list":["post-253","page","type-page","status-publish","hentry","content-columns-1"],"yoast_head":"<!-- This site is optimized with the Yoast SEO plugin v26.4 - https:\/\/yoast.com\/wordpress\/plugins\/seo\/ -->\n<title>Heinrich-von-Kleist-Str-15 - Exklusiv m\u00f6bliert wohnen in Bonn<\/title>\n<meta name=\"description\" content=\"Die Heinrich-von-Kleist-Str-15 ist ein liebevoll renovierter, denkmalgesch\u00fctzter Altbau aus der Gr\u00fcnderzeit des 19. Jahrhunderts\" \/>\n<meta name=\"robots\" content=\"index, follow, max-snippet:-1, max-image-preview:large, max-video-preview:-1\" \/>\n<link rel=\"canonical\" href=\"http:\/\/www.exklusiv-moebliert-wohnen-bonn.de\/ru\/\" \/>\n<meta name=\"twitter:label1\" content=\"Est. reading time\" \/>\n\t<meta name=\"twitter:data1\" content=\"10 minutes\" \/>\n<script type=\"application\/ld+json\" class=\"yoast-schema-graph\">{\"@context\":\"https:\/\/schema.org\",\"@graph\":[{\"@type\":\"WebPage\",\"@id\":\"http:\/\/www.exklusiv-moebliert-wohnen-bonn.de\/ru\/\",\"url\":\"http:\/\/www.exklusiv-moebliert-wohnen-bonn.de\/ru\/\",\"name\":\"Heinrich-von-Kleist-Str-15 - Exklusiv m\u00f6bliert wohnen in Bonn\",\"isPartOf\":{\"@id\":\"http:\/\/www.exklusiv-moebliert-wohnen-bonn.de\/ru\/#website\"},\"primaryImageOfPage\":{\"@id\":\"http:\/\/www.exklusiv-moebliert-wohnen-bonn.de\/ru\/#primaryimage\"},\"image\":{\"@id\":\"http:\/\/www.exklusiv-moebliert-wohnen-bonn.de\/ru\/#primaryimage\"},\"thumbnailUrl\":\"http:\/\/www.exklusiv-moebliert-wohnen-bonn.de\/wp-content\/uploads\/2015\/01\/blumendeko-e1422733566547.jpg\",\"datePublished\":\"2015-03-04T17:15:15+00:00\",\"dateModified\":\"2024-04-01T16:43:35+00:00\",\"description\":\"Die Heinrich-von-Kleist-Str-15 ist ein liebevoll renovierter, denkmalgesch\u00fctzter Altbau aus der Gr\u00fcnderzeit des 19. Jahrhunderts\",\"breadcrumb\":{\"@id\":\"http:\/\/www.exklusiv-moebliert-wohnen-bonn.de\/ru\/#breadcrumb\"},\"inLanguage\":\"en-US\",\"potentialAction\":[{\"@type\":\"ReadAction\",\"target\":[\"http:\/\/www.exklusiv-moebliert-wohnen-bonn.de\/ru\/\"]}]},{\"@type\":\"ImageObject\",\"inLanguage\":\"en-US\",\"@id\":\"http:\/\/www.exklusiv-moebliert-wohnen-bonn.de\/ru\/#primaryimage\",\"url\":\"http:\/\/www.exklusiv-moebliert-wohnen-bonn.de\/wp-content\/uploads\/2015\/01\/blumendeko-e1422733566547.jpg\",\"contentUrl\":\"http:\/\/www.exklusiv-moebliert-wohnen-bonn.de\/wp-content\/uploads\/2015\/01\/blumendeko-e1422733566547.jpg\"},{\"@type\":\"BreadcrumbList\",\"@id\":\"http:\/\/www.exklusiv-moebliert-wohnen-bonn.de\/ru\/#breadcrumb\",\"itemListElement\":[{\"@type\":\"ListItem\",\"position\":1,\"name\":\"Startseite\",\"item\":\"http:\/\/www.exklusiv-moebliert-wohnen-bonn.de\/ru\/\"},{\"@type\":\"ListItem\",\"position\":2,\"name\":\"\u0413\u0435\u043d\u0440\u0438\u0445-\u0444\u043e\u043d-\u041a\u043b\u0435\u0439\u0441\u0442\u0430-\u0443\u043b\u0438\u0446\u0430. 15\"}]},{\"@type\":\"WebSite\",\"@id\":\"http:\/\/www.exklusiv-moebliert-wohnen-bonn.de\/ru\/#website\",\"url\":\"http:\/\/www.exklusiv-moebliert-wohnen-bonn.de\/ru\/\",\"name\":\"Exklusiv m\u00f6bliert wohnen in Bonn\",\"description\":\"Ihr Zuhause in der Bonner S\u00fcdstadt\",\"potentialAction\":[{\"@type\":\"SearchAction\",\"target\":{\"@type\":\"EntryPoint\",\"urlTemplate\":\"http:\/\/www.exklusiv-moebliert-wohnen-bonn.de\/ru\/?s={search_term_string}\"},\"query-input\":{\"@type\":\"PropertyValueSpecification\",\"valueRequired\":true,\"valueName\":\"search_term_string\"}}],\"inLanguage\":\"en-US\"}]}<\/script>\n<!-- \/ Yoast SEO plugin. -->","yoast_head_json":{"title":"Heinrich-von-Kleist-Str-15 - Exklusiv m\u00f6bliert wohnen in Bonn","description":"Die Heinrich-von-Kleist-Str-15 ist ein liebevoll renovierter, denkmalgesch\u00fctzter Altbau aus der Gr\u00fcnderzeit des 19. Jahrhunderts","robots":{"index":"index","follow":"follow","max-snippet":"max-snippet:-1","max-image-preview":"max-image-preview:large","max-video-preview":"max-video-preview:-1"},"canonical":"http:\/\/www.exklusiv-moebliert-wohnen-bonn.de\/ru\/","twitter_misc":{"Est. reading time":"10 minutes"},"schema":{"@context":"https:\/\/schema.org","@graph":[{"@type":"WebPage","@id":"http:\/\/www.exklusiv-moebliert-wohnen-bonn.de\/ru\/","url":"http:\/\/www.exklusiv-moebliert-wohnen-bonn.de\/ru\/","name":"Heinrich-von-Kleist-Str-15 - Exklusiv m\u00f6bliert wohnen in Bonn","isPartOf":{"@id":"http:\/\/www.exklusiv-moebliert-wohnen-bonn.de\/ru\/#website"},"primaryImageOfPage":{"@id":"http:\/\/www.exklusiv-moebliert-wohnen-bonn.de\/ru\/#primaryimage"},"image":{"@id":"http:\/\/www.exklusiv-moebliert-wohnen-bonn.de\/ru\/#primaryimage"},"thumbnailUrl":"http:\/\/www.exklusiv-moebliert-wohnen-bonn.de\/wp-content\/uploads\/2015\/01\/blumendeko-e1422733566547.jpg","datePublished":"2015-03-04T17:15:15+00:00","dateModified":"2024-04-01T16:43:35+00:00","description":"Die Heinrich-von-Kleist-Str-15 ist ein liebevoll renovierter, denkmalgesch\u00fctzter Altbau aus der Gr\u00fcnderzeit des 19. Jahrhunderts","breadcrumb":{"@id":"http:\/\/www.exklusiv-moebliert-wohnen-bonn.de\/ru\/#breadcrumb"},"inLanguage":"en-US","potentialAction":[{"@type":"ReadAction","target":["http:\/\/www.exklusiv-moebliert-wohnen-bonn.de\/ru\/"]}]},{"@type":"ImageObject","inLanguage":"en-US","@id":"http:\/\/www.exklusiv-moebliert-wohnen-bonn.de\/ru\/#primaryimage","url":"http:\/\/www.exklusiv-moebliert-wohnen-bonn.de\/wp-content\/uploads\/2015\/01\/blumendeko-e1422733566547.jpg","contentUrl":"http:\/\/www.exklusiv-moebliert-wohnen-bonn.de\/wp-content\/uploads\/2015\/01\/blumendeko-e1422733566547.jpg"},{"@type":"BreadcrumbList","@id":"http:\/\/www.exklusiv-moebliert-wohnen-bonn.de\/ru\/#breadcrumb","itemListElement":[{"@type":"ListItem","position":1,"name":"Startseite","item":"http:\/\/www.exklusiv-moebliert-wohnen-bonn.de\/ru\/"},{"@type":"ListItem","position":2,"name":"\u0413\u0435\u043d\u0440\u0438\u0445-\u0444\u043e\u043d-\u041a\u043b\u0435\u0439\u0441\u0442\u0430-\u0443\u043b\u0438\u0446\u0430. 15"}]},{"@type":"WebSite","@id":"http:\/\/www.exklusiv-moebliert-wohnen-bonn.de\/ru\/#website","url":"http:\/\/www.exklusiv-moebliert-wohnen-bonn.de\/ru\/","name":"Exklusiv m\u00f6bliert wohnen in Bonn","description":"Ihr Zuhause in der Bonner S\u00fcdstadt","potentialAction":[{"@type":"SearchAction","target":{"@type":"EntryPoint","urlTemplate":"http:\/\/www.exklusiv-moebliert-wohnen-bonn.de\/ru\/?s={search_term_string}"},"query-input":{"@type":"PropertyValueSpecification","valueRequired":true,"valueName":"search_term_string"}}],"inLanguage":"en-US"}]}},"_links":{"self":[{"href":"http:\/\/www.exklusiv-moebliert-wohnen-bonn.de\/en\/wp-json\/wp\/v2\/pages\/253","targetHints":{"allow":["GET"]}}],"collection":[{"href":"http:\/\/www.exklusiv-moebliert-wohnen-bonn.de\/en\/wp-json\/wp\/v2\/pages"}],"about":[{"href":"http:\/\/www.exklusiv-moebliert-wohnen-bonn.de\/en\/wp-json\/wp\/v2\/types\/page"}],"author":[{"embeddable":true,"href":"http:\/\/www.exklusiv-moebliert-wohnen-bonn.de\/en\/wp-json\/wp\/v2\/users\/1"}],"replies":[{"embeddable":true,"href":"http:\/\/www.exklusiv-moebliert-wohnen-bonn.de\/en\/wp-json\/wp\/v2\/comments?post=253"}],"version-history":[{"count":93,"href":"http:\/\/www.exklusiv-moebliert-wohnen-bonn.de\/en\/wp-json\/wp\/v2\/pages\/253\/revisions"}],"predecessor-version":[{"id":772,"href":"http:\/\/www.exklusiv-moebliert-wohnen-bonn.de\/en\/wp-json\/wp\/v2\/pages\/253\/revisions\/772"}],"wp:attachment":[{"href":"http:\/\/www.exklusiv-moebliert-wohnen-bonn.de\/en\/wp-json\/wp\/v2\/media?parent=253"}],"curies":[{"name":"wp","href":"https:\/\/api.w.org\/{rel}","templated":true}]}}